{"id":297,"date":"2015-05-26T02:00:55","date_gmt":"2015-05-26T00:00:55","guid":{"rendered":"http:\/\/cmsmasters.net\/goodday-music-band\/?page_id=297"},"modified":"2023-04-18T14:22:13","modified_gmt":"2023-04-18T12:22:13","slug":"vita","status":"publish","type":"page","link":"https:\/\/www.julia-oschewsky.de\/de\/vita\/","title":{"rendered":"Vita"},"content":{"rendered":"<style type=\"text\/css\"> \n#cmsms_row_69f2df6c16bb1 .cmsms_row_outer_parent { \n\tpadding-top: 30px; \n} \n\n#cmsms_row_69f2df6c16bb1 .cmsms_row_outer_parent { \n\tpadding-bottom: 0px; \n} \n\n \n#cmsms_row_69f2df6c1733d .cmsms_row_outer_parent { \n\tpadding-top: 0px; \n} \n\n#cmsms_row_69f2df6c1733d .cmsms_row_outer_parent { \n\tpadding-bottom: 50px; \n} \n\n<\/style><div id=\"cmsms_row_69f2df6c16bb1\" class=\"cmsms_row cmsms_color_scheme_first\">\n<div class=\"cmsms_row_outer_parent\">\n<div class=\"cmsms_row_outer\">\n<div class=\"cmsms_row_inner\">\n<div class=\"cmsms_row_margin\">\n<div class=\"cmsms_column one_third\" data-animation=\"fadeIn\">\n<div class=\"cmsms_text\">\n<p>Die Musik aus meinem Leben wegdenken &#8211; unm\u00f6glich.\u00a0Sie war irgendwie immer da und wenn sie mal weg war, tauchte sie schnell wieder auf, tickte mir auf die Schulter und sagte. \u201eIch will mehr\u201c.<\/p>\n<p>Urspr\u00fcnglich stamme ich aus Bingen, einer wundersch\u00f6nen Stadt gelegen im romantischen Rheintal. In 2003 wurde Amsterdam f\u00fcr 13 Jahre lang mein neues Zuhause, als ich dort mit dem Jazz Gesangs-Studium am Konservatorium begann. Nach meiner R\u00fcckkehr nach Bingen Ende 2016 konnte ich mich schnell wieder heimisch f\u00fchlen und musikalisch Fu\u00df fassen. Mit Amsterdam und meinen Mitmusikern dort f\u00fchle ich mich weiterhin tief verbunden.<\/p>\n<p>Mein Musiker-Dasein ist farbenreich, spannend und voller Abwechslung. Immer wieder scheinen sich neue T\u00fcren zu \u00f6ffnen zu Bereichen meines Denkens, von deren Existenz ich bis dahin \u00fcberhaupt nichts ahnte. Die Musik l\u00e4sst mich stolpern, unterwegs sein, zweifeln, mir selbst und anderen begegnen, Fragen stellen, Antworten finden, wachsen.<\/p>\n<p>Im Folgenden habe ich meinen Weg noch einmal zur\u00fcckverfolgt und die wichtigsten\u00a0Stationen f\u00fcr Euch zusammengefasst.<\/p>\n<\/div>\n<\/div>\n<div class=\"cmsms_column two_third\" data-animation=\"fadeIn\">\n<div class=\"aligncenter\">\n<div class=\"cmsms_img  cmsms_image_c\" data-animation=\"fadeIn\" data-delay=\"0\">\n<a href=\"https:\/\/www.julia-oschewsky.de\/de\/wp-content\/uploads\/2015\/05\/julia_bio1.jpg\"><img decoding=\"async\" src=\"https:\/\/www.julia-oschewsky.de\/de\/wp-content\/uploads\/2015\/05\/julia_bio1.jpg\" alt=\"\" \/><\/a>\n<\/div>\n<\/div>\n<\/div>\n<\/div>\n<\/div>\n<\/div>\n<\/div>\n<\/div>\n<div id=\"cmsms_row_69f2df6c1733d\" class=\"cmsms_row cmsms_color_scheme_default\">\n<div class=\"cmsms_row_outer_parent\">\n<div class=\"cmsms_row_outer\">\n<div class=\"cmsms_row_inner\">\n<div class=\"cmsms_row_margin\">\n<div class=\"cmsms_column one_first\" data-animation=\"fadeIn\">\n<div class=\"cmsms_toggles toggles_mode_toggle\">\n<div class=\"cmsms_toggle_wrap vita_toggle\" data-tags=\"all \">\n<div class=\"cmsms_toggle_title\">\n<span class=\"cmsms_toggle_plus\">\n<span class=\"cmsms_toggle_plus_hor\"><\/span>\n<span class=\"cmsms_toggle_plus_vert\"><\/span>\n<\/span>\n<a href=\"#\">zu meiner ausf\u00fchrlichen Vita<\/a>\n<\/div>\n<div class=\"cmsms_toggle\">\n<div class=\"cmsms_toggle_inner\">\n<h4>Erste Schritte<\/h4>\n<p>1981: geboren in Mainz<\/p>\n<p>ab 1988: Mitwirkung bei etlichen Theaterauff\u00fchrungen<\/p>\n<p>1990 -1998: klassischer Gitarrenunterricht<\/p>\n<p>ab 1996: erste Bandprojekte und Big Band Erfahrungen<\/p>\n<p>ab 1999: Gesangsunterricht<\/p>\n<h4>Aufbruch und Ausbildung<\/h4>\n<p>2002 &#8211; 2003: Gasth\u00f6rer Studium Hochschule f\u00fcr Musik K\u00f6ln\u00a0Gesangsunterricht\/Vorbereitung Aufnahmepr\u00fcfungen bei Anne Hartkamp<\/p>\n<p>2003 &#8211; 2009: Studium Jazz Gesang Conservatorium van Amsterdam (Bachelor\/Master)\u00a0bei Lydia van Dam, Eileen Fiss, Ge Titulaer, Ronald Douglas, Annett\u00a0Andriesen und Edwin Rutten<\/p>\n<p>2008: Auslandssemester Manhattan School of Music in New York bei Theo\u00a0Bleckmann, Kate McGarry und Peter Eldridge<\/p>\n<p>2007 &#8211; 2009: Mitglied im Bundesjugendjazzorchester<\/p>\n<p>2006 &#8211; 2013: diverse Estill Voice Training System (EVTS) Workshops<\/p>\n<p>seit 2013: Gitarrenunterricht<\/p>\n<p>2014 &#8211; 2015: Yin Yoga Ausbildung Yoga Garden Amsterdam<\/p>\n<h4>Begegnungen<\/h4>\n<p>2005\/2006: Konzerte mit dem Orchester der Niederl\u00e4ndischen K\u00f6niglichen Luftwaffe\u00a0(Ltg. Arjan Tien)<\/p>\n<p>BuJazzO: Bill Dobbins, Marco Lackner, Ramesh Shotam, Mike Herting, Ed Partyka, Efrat Alony, Dena DeRose<\/p>\n<p>Workshops: Darmon Meader (New York Voices), Bobby McFerrin, Julia H\u00fclsmann,\u00a0Fay Claassen, Sheila Jordan, Mark Murphy<\/p>\n<h4>Der eigene Unterricht<\/h4>\n<p>seit 2006: privater Unterricht zuhause<\/p>\n<p>2008 &#8211; 2012: Muziekschool Amsterdam<\/p>\n<p>2009 &#8211; 2016: Muziekschool Tune Up Haarlem<\/p>\n<p>seit 2012: Workshops (Jazz, Pop und Songwriting) an der Vhs Bingen und Koblenz,\u00a0der Rock-Popwerkstatt Bad Kreuznach, sowie dem Wbz Ingelheim<\/p>\n<p>seit 2017: Festanstellung an der Musikschule des WBZ Ingelheim<\/p>\n<h4>Highlights<\/h4>\n<p>2007: erfolgreicher Abschluss des Studiums am Conservatorium van Amsterdam mit\u00a0dem Bachelor of Arts<\/p>\n<p>2007: eigenes (Jazz)Musical Projekt \u201eThe Fringe\u201c<\/p>\n<p>2009: erfolgreicher Abschluss des Studiums am Conservatorium van Amsterdam mit dem Master of Arts<\/p>\n<p>2007\/2011: Auftritte mit der eigenen Band auf dem Jazz Festival Bingen Swingt<\/p>\n<p>2009: Finalistin Dutch Jazz Competition<\/p>\n<p>2011: Frankfurter Opernball mit dem Fetzer Orchestra und Johnny Logan<\/p>\n<p>2012\/2013: Auftritte mit dem Duo Kleingartenanlage auf Johan Lafers Hausparty<\/p>\n<p>2014: Verleihung Sonderpreis \u201aBestes Duo\u2019 f\u00fcr Kleingartenanlage durch SWR1, seither diverse Auftritte im SWR Fernsehen u.a. bei Kaffee oder Tee, Landesschau Rheinland-Pfalz<\/p>\n<p>2016: Opener mit KGA im Vorprogramm von Silje Nergaard, Frankfurter Hof<\/p>\n<p>2017: Opener mit KGA im Vorprogramm von Sarah Conor, Volkspark Mainz<\/p>\n<p>2019: Opener mit KGA im Vorprogramm von Michael Schulte, Langenlonsheim<\/p>\n<h4>Unterwegs<\/h4>\n<p>2002 &#8211; 2004: Musical \u201eThe Who\u2019s Tommy\u201c (Miracle Musics) durch Deutschland;\u00a0Spielst\u00e4tten u.a. Tempodrom Berlin, Zirkus Krone M\u00fcnchen, Arena\u00a0Oberhausen, Rosengarten Mannheim, Jahrhunderthalle Frankfurt<\/p>\n<p>seit 2012: Ed Partyka Jazz Orchestra in Deutschland, \u00d6sterreich, Schweiz,\u00a0Tschechien, Slowakei<\/p>\n<p>seit 2012: auch \u201asolo\u2019 mit der Gitarre im Gep\u00e4ck<\/p>\n<p>2012-2016: Julia Oschewsky Band<\/p>\n<p>seit 2013: Wohnzimmer- und Clubkonzerte mit \u201eKleingartenanlage\u201c in ganz Deutschland<\/p>\n<h4>CD Produktionen<\/h4>\n<p>2009: \u201eInner Game\u201c (Neuklang\/Challenge) &#8211; Julia Oschewsky Band<br \/>\n2013: \u201eTurning The Tide\u201c &#8211; Julia Oschewsky Band<br \/>\n2014: \u201eHits\u201c (Mons Records) &#8211; Ed Partyka Jazz Orchestra<br \/>\n2015: \u201cNo Status Quo\u201d &#8211; Kleingartenanlage<br \/>\n2017: \u201eKopfkino\u201c (Mons Records) &#8211; Ed Partyka Jazz Orchestra<br \/>\n2018: \u201cThis Far\u201d &#8211; Kleingartenanlage<br \/>\n2020: \u201cSystemrelevant\u201d &#8211; Kleingartenanlage<br \/>\n2023: \u201eHold Your Fire\u201c (Mons Records) &#8211; Ed Partyka Jazz Orchestra<\/p>\n<h4>Aktuell<\/h4>\n<p><a href=\"https:\/\/www.julia-oschewsky.de\/de\/profile\/kleingartenanlage\/\">Kleingartenanlage<\/a><\/p>\n<p><a href=\"https:\/\/www.facebook.com\/EPJO2017\" target=\"_blank\" rel=\"noopener\">Ed Partyka Jazz Orchestra<\/a><\/p>\n<p><a href=\"https:\/\/www.julia-oschewsky.de\/de\/profile\/back-at-mamas\/\">Back At Mamas<\/a><\/p>\n<\/div>\n<\/div>\n<\/div><\/div>\n<\/div>\n<\/div>\n<\/div>\n<\/div>\n<\/div>\n<\/div>\n\n","protected":false},"excerpt":{"rendered":"","protected":false},"author":1,"featured_media":0,"parent":0,"menu_order":0,"comment_status":"closed","ping_status":"closed","template":"","meta":{"footnotes":""},"class_list":["post-297","page","type-page","status-publish","hentry"],"yoast_head":"<!-- This site is optimized with the Yoast SEO plugin v27.4 - https:\/\/yoast.com\/product\/yoast-seo-wordpress\/ -->\n<title>Vita - Julia Oschewsky<\/title>\n<meta name=\"robots\" content=\"index, follow, max-snippet:-1, max-image-preview:large, max-video-preview:-1\" \/>\n<link rel=\"canonical\" href=\"https:\/\/www.julia-oschewsky.de\/de\/vita\/\" \/>\n<meta property=\"og:locale\" content=\"de_DE\" \/>\n<meta property=\"og:type\" content=\"article\" \/>\n<meta property=\"og:title\" content=\"Vita - Julia Oschewsky\" \/>\n<meta property=\"og:url\" content=\"https:\/\/www.julia-oschewsky.de\/de\/vita\/\" \/>\n<meta property=\"og:site_name\" content=\"Julia Oschewsky\" \/>\n<meta property=\"article:modified_time\" content=\"2023-04-18T12:22:13+00:00\" \/>\n<meta name=\"twitter:card\" content=\"summary_large_image\" \/>\n<meta name=\"twitter:label1\" content=\"Gesch\u00e4tzte Lesezeit\" \/>\n\t<meta name=\"twitter:data1\" content=\"4\u00a0Minuten\" \/>\n<script type=\"application\/ld+json\" class=\"yoast-schema-graph\">{\"@context\":\"https:\\\/\\\/schema.org\",\"@graph\":[{\"@type\":\"WebPage\",\"@id\":\"https:\\\/\\\/www.julia-oschewsky.de\\\/de\\\/vita\\\/\",\"url\":\"https:\\\/\\\/www.julia-oschewsky.de\\\/de\\\/vita\\\/\",\"name\":\"Vita - Julia Oschewsky\",\"isPartOf\":{\"@id\":\"https:\\\/\\\/www.julia-oschewsky.de\\\/de\\\/#website\"},\"datePublished\":\"2015-05-26T00:00:55+00:00\",\"dateModified\":\"2023-04-18T12:22:13+00:00\",\"breadcrumb\":{\"@id\":\"https:\\\/\\\/www.julia-oschewsky.de\\\/de\\\/vita\\\/#breadcrumb\"},\"inLanguage\":\"de\",\"potentialAction\":[{\"@type\":\"ReadAction\",\"target\":[\"https:\\\/\\\/www.julia-oschewsky.de\\\/de\\\/vita\\\/\"]}]},{\"@type\":\"BreadcrumbList\",\"@id\":\"https:\\\/\\\/www.julia-oschewsky.de\\\/de\\\/vita\\\/#breadcrumb\",\"itemListElement\":[{\"@type\":\"ListItem\",\"position\":1,\"name\":\"Home\",\"item\":\"https:\\\/\\\/www.julia-oschewsky.de\\\/de\\\/\"},{\"@type\":\"ListItem\",\"position\":2,\"name\":\"Vita\"}]},{\"@type\":\"WebSite\",\"@id\":\"https:\\\/\\\/www.julia-oschewsky.de\\\/de\\\/#website\",\"url\":\"https:\\\/\\\/www.julia-oschewsky.de\\\/de\\\/\",\"name\":\"Julia Oschewsky\",\"description\":\"\",\"potentialAction\":[{\"@type\":\"SearchAction\",\"target\":{\"@type\":\"EntryPoint\",\"urlTemplate\":\"https:\\\/\\\/www.julia-oschewsky.de\\\/de\\\/?s={search_term_string}\"},\"query-input\":{\"@type\":\"PropertyValueSpecification\",\"valueRequired\":true,\"valueName\":\"search_term_string\"}}],\"inLanguage\":\"de\"}]}<\/script>\n<!-- \/ Yoast SEO plugin. -->","yoast_head_json":{"title":"Vita - Julia Oschewsky","robots":{"index":"index","follow":"follow","max-snippet":"max-snippet:-1","max-image-preview":"max-image-preview:large","max-video-preview":"max-video-preview:-1"},"canonical":"https:\/\/www.julia-oschewsky.de\/de\/vita\/","og_locale":"de_DE","og_type":"article","og_title":"Vita - Julia Oschewsky","og_url":"https:\/\/www.julia-oschewsky.de\/de\/vita\/","og_site_name":"Julia Oschewsky","article_modified_time":"2023-04-18T12:22:13+00:00","twitter_card":"summary_large_image","twitter_misc":{"Gesch\u00e4tzte Lesezeit":"4\u00a0Minuten"},"schema":{"@context":"https:\/\/schema.org","@graph":[{"@type":"WebPage","@id":"https:\/\/www.julia-oschewsky.de\/de\/vita\/","url":"https:\/\/www.julia-oschewsky.de\/de\/vita\/","name":"Vita - Julia Oschewsky","isPartOf":{"@id":"https:\/\/www.julia-oschewsky.de\/de\/#website"},"datePublished":"2015-05-26T00:00:55+00:00","dateModified":"2023-04-18T12:22:13+00:00","breadcrumb":{"@id":"https:\/\/www.julia-oschewsky.de\/de\/vita\/#breadcrumb"},"inLanguage":"de","potentialAction":[{"@type":"ReadAction","target":["https:\/\/www.julia-oschewsky.de\/de\/vita\/"]}]},{"@type":"BreadcrumbList","@id":"https:\/\/www.julia-oschewsky.de\/de\/vita\/#breadcrumb","itemListElement":[{"@type":"ListItem","position":1,"name":"Home","item":"https:\/\/www.julia-oschewsky.de\/de\/"},{"@type":"ListItem","position":2,"name":"Vita"}]},{"@type":"WebSite","@id":"https:\/\/www.julia-oschewsky.de\/de\/#website","url":"https:\/\/www.julia-oschewsky.de\/de\/","name":"Julia Oschewsky","description":"","potentialAction":[{"@type":"SearchAction","target":{"@type":"EntryPoint","urlTemplate":"https:\/\/www.julia-oschewsky.de\/de\/?s={search_term_string}"},"query-input":{"@type":"PropertyValueSpecification","valueRequired":true,"valueName":"search_term_string"}}],"inLanguage":"de"}]}},"_links":{"self":[{"href":"https:\/\/www.julia-oschewsky.de\/de\/wp-json\/wp\/v2\/pages\/297","targetHints":{"allow":["GET"]}}],"collection":[{"href":"https:\/\/www.julia-oschewsky.de\/de\/wp-json\/wp\/v2\/pages"}],"about":[{"href":"https:\/\/www.julia-oschewsky.de\/de\/wp-json\/wp\/v2\/types\/page"}],"author":[{"embeddable":true,"href":"https:\/\/www.julia-oschewsky.de\/de\/wp-json\/wp\/v2\/users\/1"}],"replies":[{"embeddable":true,"href":"https:\/\/www.julia-oschewsky.de\/de\/wp-json\/wp\/v2\/comments?post=297"}],"version-history":[{"count":140,"href":"https:\/\/www.julia-oschewsky.de\/de\/wp-json\/wp\/v2\/pages\/297\/revisions"}],"predecessor-version":[{"id":3795,"href":"https:\/\/www.julia-oschewsky.de\/de\/wp-json\/wp\/v2\/pages\/297\/revisions\/3795"}],"wp:attachment":[{"href":"https:\/\/www.julia-oschewsky.de\/de\/wp-json\/wp\/v2\/media?parent=297"}],"curies":[{"name":"wp","href":"https:\/\/api.w.org\/{rel}","templated":true}]}}