{"id":2234,"date":"2015-08-10T15:22:56","date_gmt":"2015-08-10T13:22:56","guid":{"rendered":"http:\/\/www.julia-oschewsky.de\/?page_id=2234"},"modified":"2023-05-30T15:10:51","modified_gmt":"2023-05-30T13:10:51","slug":"termine-archive","status":"publish","type":"page","link":"https:\/\/www.julia-oschewsky.de\/de\/termine-archive\/","title":{"rendered":"Termine archive"},"content":{"rendered":"<style type=\"text\/css\"> \n#cmsms_row_69f2f0585ac55 .cmsms_row_outer_parent { \n\tpadding-top: 10px; \n} \n\n#cmsms_row_69f2f0585ac55 .cmsms_row_outer_parent { \n\tpadding-bottom: 0px; \n} \n\n<\/style>\n<p><\/p>\n\n\n<div id=\"cmsms_row_69f2f0585ac55\" class=\"cmsms_row cmsms_color_scheme_default\">\n<div class=\"cmsms_row_outer_parent\">\n<div class=\"cmsms_row_outer\">\n<div class=\"cmsms_row_inner\">\n<div class=\"cmsms_row_margin\">\n<\/div>\n<\/div>\n<\/div>\n<\/div>\n<\/div>\n<div class=\"cmsms_column one_first\" data-animation=\"fadeIn\">\n<\/div>\n<div class=\"cmsms_text\">\n<p><a href=\"https:\/\/www.julia-oschewsky.de\/de\/termine\/\">&lt; AKTUELLE\u00a0TERMINE<\/a><\/p>\n<h1>2023<\/h1>\n<h3>26.05.23 | Golden Swing Big Band &#8211; Idar-Obersteiner Jazztage<\/h3>\n<h3>20.05.23 | Kleingartenanlage &#8211; PUK &#8211; Bad Kreuznach<\/h3>\n<h3>18.05.23 | Back At Mama&#8217;s &#8211; Nacht der Verf\u00fchrung &#8211; Bingen<\/h3>\n<h3>11.03.23 | Kleingartenanlage &#8211; Kultur ganz Nahe &#8211; M\u00fcnster-Sarmsheim<\/h3>\n<h3>25.02.23 | Ed Partyka Jazz Orchestra &#8211; B-Flat Berlin<\/h3>\n<h3>24.02.23 | Ed Partyka Jazz Orchestra &#8211; B-Flat Berlin<\/h3>\n<h1>2022<\/h1>\n<h3>17.12.22 | Kleingartenanlage &amp; Friends &#8211; Weihnachts-Benefizkonzert Loge Bad Kreuznach<\/h3>\n<h3>18.11.22 | Kleingartenanlage &#8211; Kultur in der Anh\u00e4user M\u00fchle<\/h3>\n<h3>06.10.22 | Kleingartenanlage &#8211; Worms<\/h3>\n<h3>03.10.22 | Kleingartenanlage &#8211; Heimattage Schweppenhausen &#8211; \u00d6lm\u00fchle<\/h3>\n<h3>30.09.22 | Kleingartenanlage &#8211; Rotweinfest Ingelheim<\/h3>\n<h3>17.09.22 | Kleingartenanlage &#8211; Pfarrscheune Heidesheim<\/h3>\n<h3>27.08.22 | Kleingartenanlage &#8211; Edelstein Serenade &#8211; Herrstein<\/h3>\n<h3>14.05.22 | Kleingartenanlage &#8211;\u00a0Stadtteilzentrum ZwoZwo &#8211; Bingerbr\u00fcck<\/h3>\n<h3>07.05.22 | Kleingartenanlage &#8211; Klima Aktionstag \u2013 Kornmarkt Bad Kreuznach<\/h3>\n<h3>01.05.22 | Kleingartenanlage &#8211; St.Katharinen \u2013 Weinwanderung<\/h3>\n<h3>08.03.22 | Kleingartenanlage &#8211; Mainz mach(t) mit \u2013 das gro\u00dfe Live-Konzert \u2013 KUZ Mainz\u00a0<\/h3>\n<h1>2021<\/h1>\n<h3>18.12.21 | Kleingartenanlage &amp; Friends &#8211; Weihnachts-Benefizkonzert Loge Bad Kreuznach<\/h3>\n<h3>12.12.21 | Kleingartenanlage &#8211; Weihnachtsmarkt Ingelheim<\/h3>\n<h3>28.10.21 | Kleingartenanlage &#8211; Video Release &#8222;Prima Klima&#8220;<\/h3>\n<h3>13.-15.10.21 | Ed Partyka Jazz Orchestra &#8211; CD Aufnahme Bauer Studios Ludwigsburg<\/h3>\n<h3>01.10.21 | Kleingartenanlage &#8211; Rotweinfest Ingelheim<\/h3>\n<h3>29.09.21 | Back at Mama&#8217;s &#8211; Rotweinfest Ingelheim<\/h3>\n<h3>24.09.21 | Swinging Soul &#8211; Jubil\u00e4um Bezirkszahn\u00e4rztekammer Rheinhessen<\/h3>\n<h3>21.09.21 | Kleingartenanlage &#8211; Fetzer&#8217;s Ingelheim<\/h3>\n<h3>17.09.21 | Kleingartenanlage &#8211; Kulturspots 2021 &#8211; Wackernheim<\/h3>\n<h3>05.09.21 | Kleingartenanlage &#8211; Waldb\u00fchne Schmittenstollen<\/h3>\n<h3>03.09.21 | Kleingartenanlage &#8211; Open Air Musik Festival &#8211; Bad Sobernheim<\/h3>\n<h3>01.09.21 | Kleingartenanlage &#8211; Diakonie Bad Kreuznach<\/h3>\n<h3>30.08.21 | Kleingartenanlage &#8211; Diakonie Bad Kreuznach<\/h3>\n<h3>26.08.21 | Back at Mama&#8217;s &#8211; Petersilie Ingelheim<\/h3>\n<h3>22.08.21 | Kleingartenanlage &#8211; M\u00fcnster<\/h3>\n<h3>20.08.21 | Back at Mama&#8217;s &#8211; Weinrock Bosenheim<\/h3>\n<h3>18.08.21 | Back at Mama&#8217;s &#8211; Mainzer Kulturg\u00e4rten<\/h3>\n<h3>13.08.21 | Kleingartenanlage &#8211; Weingut Weyl &#8211; Weinsheim<\/h3>\n<h3>02.08.21 | Kleingartenanlage &#8211; Weingut G\u00e4nz &#8211; Guldental<\/h3>\n<h3>01.08.21 | Kleingartenanlage &#8211; Weingut G\u00e4nz &#8211; Guldental<\/h3>\n<h3>30.07.21 | Kleingartenanlage &#8211; KulturTreff Neustadt Bad Kreuznach<\/h3>\n<h3>23.07.21 | Back at Mama&#8217;s &#8211; Sunset Walk Bingen<\/h3>\n<h3>10.07.21 | Kleingartenanlage &#8211; CD Release Konzert &#8211; Museum R\u00f6merhalle Bad Kreuznach<\/h3>\n<h3>06.07.21 | Kleingartenanlage &#8211; Ap\u00e9ro am Winzerkeller &#8211; Ingelheim<\/h3>\n<h3>03.07.21 | Kleingartenanlage &#8211; Musikfest Guldental<\/h3>\n<h3>02.07.21 | Kleingartenanlage &#8211; K\u00f6nigsteiner Kultursommer<\/h3>\n<h3>27.06.21 | Julia Oschewsky &amp; Band &#8211; Bingen Swingt 2021<\/h3>\n<h3>23.06.21 | Back at Mama&#8217;s &#8211; Genussgarten Bingen<\/h3>\n<h3>19.06.21 | Kleingartenanlage &#8211; Terassensommer Wallhausen<\/h3>\n<h3>16.06.21 | Kleingartenanlage &#8211; Mainzer Kulturg\u00e4rten<\/h3>\n<h3>25.04.21 | Back At Mama&#8217;s &#8211; Papa Rhein Hotel &#8211; Bingen<\/h3>\n<h3>24.01.21 | Kleingartenanlage &#8211; LandesArt &#8211; SWR Fernsehen<\/h3>\n<h3>09.01.21 | Kleingartenanlage &#8211; Kaffee oder Tee &#8211; SWR Fernsehen<\/h3>\n<h1>2020<\/h1>\n<h3>30.09.20 | Kleingartenanlage &#8211; Kulturspots 2020 Wackernheim<\/h3>\n<h3>01.09.20 | Back at Mama&#8217;s &#8211; Mainzer Kulturg\u00e4rten<\/h3>\n<h3>29.08.20 | Kleingartenanlage &#8211; Picknick Konzerte R\u00f6merhalle Bad Kreuznach<\/h3>\n<h3>15.08.20 | Kleingartenanlage &#8211; 10 Jahre Petersilie Ingelheim<\/h3>\n<h3>02.08.20 | Kleingartenanlage &#8211; Weingut G\u00e4nz Guldental<\/h3>\n<h3>31.07.20 | Kleingartenanlage &#8211; Weingut G\u00e4nz Guldental<\/h3>\n<h3>19.07.20 | Kleingartenanlage &#8211; Schmittenstollen\u00a0 Niederhausen<\/h3>\n<h3>18.07.20 | Kleingartenanlage &#8211; Kaiserhof Guldental<\/h3>\n<h3>09.07.20 | Back at Mama&#8217;s &#8211; Petersilie Ingelheim<\/h3>\n<h3>16.05.20 | Kleingartenanlage &#8211; Mainzer Kulturg\u00e4rten<\/h3>\n<h1>2019<\/h1>\n<h3>03.10.19 | Back At Mama&#8217;s &#8211; Rotweinfest Ingelheim<\/h3>\n<h3>03.10.19 | Kleingartenanlage &#8211; Rotweinfest Ingelheim<\/h3>\n<h3>28.09.19 | Ed Partyka Jazz Orchestra &#8211; B-Flat Berlin<\/h3>\n<h3>27.09.19 | Ed Partyka Jazz Orchestra &#8211; B-Flat Berlin<\/h3>\n<h3>21.09.19 | Kleingartenanlage &#8211; Public Viewing 3Sat Festival &#8211; Mainz<\/h3>\n<h3>08.09.19 | Alex Funk-Matthias Scholl Big Band &#8211; Neff-Platz Bingen<\/h3>\n<h3>07.09.19 | Yin Yoga &#8211; Yoga Shala Bingen<\/h3>\n<h3>05.09.19 | Back At Mama&#8217;s &#8211; Winzerfest Bingen<\/h3>\n<h3>01.09.19 | Kleingartenanlage &#8211; Edelobstbrennerei Hemmes<\/h3>\n<h3>30.08.19 |\u00a0Kleingartenanlage &#8211; Support Michael Schulte &#8211; LaLo<\/h3>\n<h3>22.08.19 | Kleingartenanlage &#8211; Ballplatz Benefiz Festival &#8211; Mainz<\/h3>\n<h3>10.08.19 | Kleingartenanlage &#8211; 9 Jahre Peter&amp;Silie Ingelheim<\/h3>\n<h3>09.08.19 | Kleingartenanlage &#8211; Edelstein Serenade &#8211; Herrstein<\/h3>\n<h3>04.08.19 | Kleingartenanlage &#8211; Weingut G\u00e4nz Guldental<\/h3>\n<h3>29.06.19 |\u00a0Kleingartenanlage &#8211; Heimatmuseum Sprendlingen<\/h3>\n<h3>26.06.19 |\u00a0Kleingartenanlage &#8211; Kulturgut Bechtolsheim<\/h3>\n<h3>23.06.19 |\u00a0Kleingartenanlage &#8211; Taubertsbergbad Mainz<\/h3>\n<h3>21.06.19 | Back At Mama&#8217;s &#8211; Alte Wache Bingen<\/h3>\n<h3>15.06.19 | Kleingartenanlage &#8211; Vinothek Wallhausen<\/h3>\n<h3>31.05.19 | Back At Mama&#8217;s &#8211; Nacht der Verf\u00fchrung Bingen<\/h3>\n<h3>25.05.19 | feat. Golden Swing Big Band &#8211; Jazztage Idar-Oberstein<\/h3>\n<h3>19.05.19 | Back At Mama&#8217;s &#8211; Edelobstbrennerei Hemmes Gau-Algesheim<\/h3>\n<h3>18.05.19 |\u00a0Kleingartenanlage &#8211; Vinothek Mandel<\/h3>\n<h3>12.05.19 | Lehrerkonzert Musikschule im WBZ Ingelheim<\/h3>\n<h3>09.05.19 |\u00a0Kleingartenanlage &#8211;\u00a0Sektfest Bingen<\/h3>\n<h3>03.05.19 | Kleingartenanlage &#8211; kING Ingelheim &#8211; Er\u00f6ffnung Kultursommer<\/h3>\n<h3>13.04.19 | Yin Yoga &#8211; Yoga Shala Bingen<\/h3>\n<h3>06.04.19 | Kleingartenanlage &#8211; Binger B\u00fchne Bingen<\/h3>\n<h3>02.04.19 | Kleingartenanlage &#8211; Landesschau Rheinland-Pfalz SWR-Fernsehen<\/h3>\n<h3>09.03.19 | Yin Yoga &#8211; Yoga Shala Bingen<\/h3>\n<h3>02.03.19 | Ed Partyka Jazz Orchestra &#8211; B-Flat Berlin<\/h3>\n<h3>01.03.19 | Ed Partyka Jazz Orchestra &#8211; B-Flat Berlin<\/h3>\n<h3>16.02.19 | Kleingartenanlage &#8211; &#8222;Carlos&#8220; Mainz<\/h3>\n<h3>25.01.19 | Karls-Empfang &#8211; kING Ingelheim<\/h3>\n<h3>19.01.19 | Kleingartenanlage &#8211; Alte Wache Bingen<\/h3>\n<h1>2018<\/h1>\n<h3>23.12.18 | Kleingartenanlage &#8211; Ingelheimer Weihnachtsmarkt<\/h3>\n<h3>20.12.18 | Swinging Soul &#8211; Econ Tel M\u00fcnster<\/h3>\n<h3>11.12.18 | Kleingartenanlage &#8211; Rheinische Versorgungskassen K\u00f6ln<\/h3>\n<h3>07.12.18 | Swinging Soul &#8211; Schifffahrtsmuseum Mainz<\/h3>\n<h3>04.12.18 | Back At Mama&#8217;s &#8211; Vinothek Bingen<\/h3>\n<h3>01.12.18 | Kleingartenanlage &#8211; Lafer&#8217;s Stromburg<\/h3>\n<h3>24.11.18 | Yin Yoga &#8211; Yoga Shala Bingen<\/h3>\n<h3>23.11.18 | Back At Mama&#8217;s &#8211; Vinothek Bingen<\/h3>\n<h3>17.11.18 | Kleingartenanlage &#8211;\u00a0Caf\u00e9 Stumpf Weiler (verschoben auf 2019!)<\/h3>\n<h3>03.11.18 |\u00a0Kleingartenanlage &#8211;\u00a0Studio Konzert Team17 Audio Budenheim<\/h3>\n<h3>02.11.18 |\u00a0Kleingartenanlage &#8211; Studio Konzert Team17 Audio Budenheim<\/h3>\n<h3>27.10.18 | Yin Yoga &#8211; Yoga Shala Bingen<\/h3>\n<h3>23.10.18 | Back At Mama&#8217;s &#8211; Vinothek Bingen<\/h3>\n<h3>03.10.18 | Back At Mama&#8217;s &#8211; Rotweinfest Ingelheim<\/h3>\n<h3>25.09.18 | Back At Mama&#8217;s &#8211; Vinothek Bingen<\/h3>\n<h3>22.09.18 |\u00a0Ed Partyka Jazz Orchestra &#8211; B-Flat Berlin<\/h3>\n<h3>21.09.18 |\u00a0Ed Partyka Jazz Orchestra &#8211; B-Flat Berlin<\/h3>\n<h3>08.09.18 | Kleingartenanlage &#8211; CD Release Konzert &#8211; Loge Bad Kreuznach<\/h3>\n<h3>06.09.18 | Back At Mama&#8217;s &#8211; Winzerfest Bingen<\/h3>\n<h3>26.08.18 |\u00a0Kleingartenanlage &#8211; Taubertsbergbad Mainz<\/h3>\n<h3>21.08.18 | Back At Mama&#8217;s &#8211; Vinothek Bingen<\/h3>\n<h3>10.08.18 |\u00a0Back At Mama&#8217;s &#8211; Peter&amp;Silie Ingelheim<\/h3>\n<h3>05.08.18 |\u00a0Kleingartenanlage &#8211; Weingut G\u00e4nz Guldental<\/h3>\n<h3>29.07.18 |\u00a0Kleingartenanlage &#8211; Festival der K\u00fcnste Westhofen<\/h3>\n<h3>22.07.18 |\u00a0Kleingartenanlage &#8211; Schmittenstollen Bad M\u00fcnster am Stein<\/h3>\n<h3>07.07.18 | Yin Yoga &#8211; Yoga Shala Bingen<\/h3>\n<h3>19.06.18 |\u00a0Back At Mama&#8217;s &#8211; Vinothek Bingen<\/h3>\n<h3>16.06.18 |\u00a0Kleingartenanlage &#8211; KuKuK Frankenthal<\/h3>\n<h3>01.06.18 |\u00a0Back At Mama&#8217;s &#8211; Nacht der Verf\u00fchrung Bingen<\/h3>\n<h3>31.05.18\u00a0<em>| <\/em>Kleingartenanlage &#8211; Wunschlos Gl\u00fccklich W\u00fcrzburg<\/h3>\n<h3>17.05.18 |\u00a0Back At Mama&#8217;s &#8211; Vinothek Bingen<\/h3>\n<h3>28.04.18 | Yin Yoga &#8211; Yoga Shala Bingen<\/h3>\n<h3>21.04.18 |\u00a0Back At Mama&#8217;s &#8211; Alte Wache Bingen<\/h3>\n<h3>12.04.18 | Back At Mama&#8217;s &#8211; Vinothek Bingen<\/h3>\n<h3>15.03.18 | Kleingartenanlage\u00a0&#8211; Start Cd Aufnahme &#8211; Team17 Audio<\/h3>\n<h3>10.03.18 | Yin Yoga &#8211; Yoga Shala Bingen<\/h3>\n<h3>24.02.18 |\u00a0Ed Partyka Jazz Orchestra &#8211; B-Flat Berlin<\/h3>\n<h3>23.02.18 |\u00a0Ed Partyka Jazz Orchestra &#8211; B-Flat Berlin<\/h3>\n<h3>03.02.18 |\u00a0Yin Yoga &#8211; Yoga Shala Bingen<\/h3>\n<h3>26.01.18 |\u00a0Karls-Empfang &#8211; kING Ingelheim<\/h3>\n<h3>20.01.18 |\u00a0Songwriting Workshop Modul 2 &#8211; Musikschule WBZ Ingelheim<\/h3>\n<h1>2017<\/h1>\n<h3>22.12.17 |\u00a0Jakob Schmitt &amp; Friends &#8211; Binger B\u00fchne<\/h3>\n<h3>21.12.17 | Sch\u00fclerkonzert &#8211; Henry&#8217;s Ingelheim<\/h3>\n<h3>09.12.17 |\u00a0Kleingartenanlage &#8211; Peter&amp;Silie Ingelheim<\/h3>\n<h3>09.12.17 | Yin Yoga &#8211; Yoga Shala Bingen<\/h3>\n<h3>08.12.17 | Back At Mama&#8217;s &#8211; Vinothek Bingen<\/h3>\n<h3>08.12.17 |\u00a0Kleingartenanlage &#8211;\u00a0Weihnachtsmarkt Burgkirche Ingelheim<\/h3>\n<h3>26.11.17 |\u00a0Julia &amp; Band &#8211; Pompstation Amsterdam<\/h3>\n<h3>25.11.17 |\u00a0Julia &amp; Band &#8211; Teatro Munganga Amsterdam<\/h3>\n<h3>17.11.17 |\u00a0Kleingartenanlage &#8211; Jazzkeller Dinkelsb\u00fchl<\/h3>\n<h3>11.11.17 | Songwriting Workshop Modul 1 &#8211; Musikschule WBZ Ingelheim<\/h3>\n<h3>10.11.17 |\u00a0Kleingartenanlage &#8211; St\u00e4dtetag kING Ingelheim<\/h3>\n<h3>09.10.17 |\u00a0Ed Partyka Jazz Orchestra &#8211; WIST Graz (A)<\/h3>\n<h3>08.10.17 |\u00a0Ed Partyka Jazz Orchestra &#8211;\u00a0Porgy &amp; Bess Wien (A)<\/h3>\n<h3>07.10.17 |\u00a0Ed Partyka Jazz Orchestra &#8211; B-Flat Berlin<\/h3>\n<h3>06.10.17 |\u00a0Ed Partyka Jazz Orchestra &#8211; B-Flat Berlin<\/h3>\n<h3>26.08.17 |\u00a0Yin Yoga &#8211; Yoga Shala Bingen<\/h3>\n<h3>19.08.17 |\u00a0Kleingartenanlage &#8211; B\u00fcrgerfest Ingelheim<\/h3>\n<h3>12.08.17 |\u00a0Yin Yoga &#8211; Yoga Shala Bingen<\/h3>\n<h3>06.08.17 | Kleingartenanlage &#8211; Weingut G\u00e4nz Guldental<\/h3>\n<h3>15.07.17 |\u00a0Kleingartenanlage &#8211;\u00a0Joe&#8217;s Jazz Scheune @\u00a0Lichterspiele Horrweiler<\/h3>\n<h3>15.07.17 |\u00a0Yin Yoga &#8211; Yoga Shala Bingen<\/h3>\n<h3>14.07.17 | Kleingartenanlage &#8211; Weingut Frick Duchroth<\/h3>\n<h3>13.07.17 | Kleingartenanlage &#8211; Weingut Frick Duchroth<\/h3>\n<h3>08.07.17 |\u00a0Yin Yoga &#8211; Yoga Shala Bingen<\/h3>\n<h3>01.07.17 | Kleingartenanlage &#8211; Scheune Winzenheim<\/h3>\n<h3>01.07.17 |\u00a0Kleingartenanlage &#8211; Volkspark Mainz &#8211; Support Sarah Connor<\/h3>\n<h3>25.06.17 |\u00a0Sch\u00fclerkonzert &#8211; Musikschule WBZ Ingelheim<\/h3>\n<h3>23.06.17 | Back at Mama&#8217;s &#8211;\u00a0PaX AG Sommerfest Vestenbergsgreuth<\/h3>\n<h3>10.06.17 | Kleingartenanlage &#8211;\u00a0Er\u00f6ffnung Weinwanderweg Wald-B\u00f6ckelheim<\/h3>\n<h3>27.05.17 |\u00a0Yin Yoga &#8211; Yoga Shala Bingen<\/h3>\n<h3>21.05.17 | Back at Mama&#8217;s &#8211; Hoffest Hemmes Gau-Algesheim<\/h3>\n<h3>13.05.17 |\u00a0Yin Yoga &#8211; Yoga Shala Bingen<\/h3>\n<h3>07.05.17 | Kleingartenanlage feat. Orchester ALBA \u2013 Kurpark Bad M\u00fcnster Kultursommer Er\u00f6ffnung<\/h3>\n<h3>30.04.17 | Kleingartenanlage &#8211; Weinwanderwochenende Langenlonsheim<\/h3>\n<h3>28.04.17\u00a0|\u00a0Kleingartenanlage &#8211; Kulturinitiative Odernheim<\/h3>\n<h3>23.04.17\u00a0|\u00a0Kleingartenanlage &#8211; Lomo Mainz<\/h3>\n<h3>15.04.17 |\u00a0Yin Yoga &#8211; Yoga Shala Bingen<\/h3>\n<h3>08.04.17 |\u00a0Yin Yoga &#8211; Yoga Shala Bingen<\/h3>\n<h3>03.04.17 |\u00a0Ed Partyka Jazz Orchestra &#8211;\u00a0Unterfahrt M\u00fcnchen<\/h3>\n<h3>02.04.17 |\u00a0Ed Partyka Jazz Orchestra &#8211;\u00a0Nato Leipzig<\/h3>\n<h3>01.04.17 |\u00a0Ed Partyka Jazz Orchestra &#8211; B-Flat Berlin<\/h3>\n<h3>31.03.17 |\u00a0Ed Partyka Jazz Orchestra &#8211; B-Flat Berlin<\/h3>\n<h3>30.03.17 | Kleingartenanlage &#8211; &#8222;Das Wormser&#8220; Worms<\/h3>\n<h3>25.03.17 |\u00a0Pop It Up Vocal Workshop &#8211; Musikschule WBZ Ingelheim<\/h3>\n<h3>18.03.17 | Yin Yoga &amp; Stimme Workshop &#8211; Casa di Vita Bad Kreuznach<\/h3>\n<h3>17.03.17 | Back at Mama&#8217;s\u00a0&#8211; Peter&amp;Silie Ingelheim<\/h3>\n<h1>2016<\/h1>\n<h3>31.12.16 |\u00a0Ed Partyka Jazz Orchestra &#8211; B-Flat Berlin<\/h3>\n<h3>30.12.16 |\u00a0Ed Partyka Jazz Orchestra &#8211; B-Flat Berlin<\/h3>\n<h3>17.12.16 | Kleingartenanlage &amp; Streichorchester ALBA &#8211; Kursaal Bad Kreuznach<\/h3>\n<h3>13.11.16 |\u00a0Julia &amp; Antonio Molina Moya &#8211; Sarphaat Amsterdam<\/h3>\n<h3>06.11.16 | Julia &amp; Antonio Molina Moya &#8211; Spargo Amsterdam<\/h3>\n<h3>29.10.16 |\u00a0Kleingartenanlage &#8211; Support Silje Nergaard &#8211; Frankfurter Hof Mainz<\/h3>\n<h3>01.10.16 | Ed Partyka Jazz Orchestra &#8211; B-Flat Berlin<\/h3>\n<h3>30.09.16 | Ed Partyka Jazz Orchestra &#8211; B-Flat Berlin<\/h3>\n<h3>24.09.16 | Julia &amp; Band\u00a0&#8211;\u00a0B-Flat Berlin<\/h3>\n<h3>17.09.16 | Julia &amp; Band\u00a0&#8211;\u00a0Binger B\u00fchne<\/h3>\n<h3>16.09.16 | Julia &amp; Band\u00a0&#8211; Teatro Munganga\u00a0Amsterdam<\/h3>\n<h3>02.09.16 | Julia &amp; Band\u00a0&#8211; Wilhelmina Huiskamer Festival Amsterdam<\/h3>\n<h3>07.08.16 | Kleingartenanlage &#8211; Weingut G\u00e4nz Guldental<\/h3>\n<h3>29.07.16 | Yin Yoga Schnupperkurs &#8211; Yoga Shala Bingen<\/h3>\n<h3>23.07.16 | Kleingartenanlage &#8211; Willy Brandt Arena Guldental<\/h3>\n<h3>22.07.16 | Yin Yoga Schnupperkurs &#8211; Yoga Shala Bingen<\/h3>\n<h3>17.07.16 | Kleingartenanlage &#8211;\u00a0Hauskonzert Karlsruhe<\/h3>\n<h3>16.07.16 | Kleingartenanlage &#8211; Gartenkonzert Notengarten Andernach<\/h3>\n<h3>16.07.16 | Songwriting Workshop &#8211; Notengarten\u00a0Andernach<\/h3>\n<h3>15.07.16 |\u00a0Jazz Gesangsworkshop &#8211; Notengarten\u00a0Andernach<\/h3>\n<h3>07.07.16 | Ed Partyka Jazz Orchestra &#8211; Klub Wytw\u00f3rnia \u0141\u00f3d\u017a (Polen)<\/h3>\n<h3>25.06.16 | Sch\u00fclerkonzert &#8211; &#8222;Toon&#8220; Amsterdam<\/h3>\n<h3>18.06.16 |\u00a0Kleingartenanlage &#8211;\u00a0Kurpark Bad Kreuznach<\/h3>\n<h3>10.06.16 |\u00a0Kleingartenanlage &#8211; Hauskonzert Budenheim<\/h3>\n<h3>14.05.16 | Kleingartenanlage &amp; Westwind Trio &#8211; Weinprobiertage Weingut Gr\u00f6hl Weinolsheim<\/h3>\n<h3>08.05.16 | Julia &amp; Band &#8211; &#8222;Toon&#8220; Amsterdam<\/h3>\n<h3>04.05.16 | Julia Solo &#8211; Open air Hotel Schaffelaar &#8211; Amsterdam<\/h3>\n<h3>15.04.16 | Kleingartenanlage &#8211; Support Silje Nergaard &#8211; Frankfurter Hof Mainz<\/h3>\n<h3>05.04.16 | Yin Yoga &#8211; Amsterdam<\/h3>\n<h3>03.04.16 |\u00a0Julia Solo &#8211; &#8222;Toon&#8220; Amsterdam<\/h3>\n<h3>12.03.16 | Julia Solo &#8211; Singer Songwriter Saturday\u00a0Erasmuspark &#8211;\u00a0Amsterdam<\/h3>\n<h3>29.02.16 |\u00a0Ed Partyka Jazz Orchestra &#8211; Jazz Kantine Luzern\u00a0(CH)<\/h3>\n<h3>27.02.16 |\u00a0Ed Partyka Jazz Orchestra &#8211; Bird&#8217;s Eye Basel (CH)<\/h3>\n<h3>26.02.16 |\u00a0Ed Partyka Jazz Orchestra &#8211; Bird&#8217;s Eye Basel (CH)<\/h3>\n<h3>26.02.16 |\u00a0Ed Partyka Jazz Orchestra &#8211; Tinguely Museum Basel (CH)<\/h3>\n<h3>20.02.16 | Ed Partyka Jazz Orchestra &#8211;\u00a0B-Flat Berlin<\/h3>\n<h3>19.02.16 |\u00a0Ed Partyka Jazz Orchestra &#8211; B-Flat Berlin<\/h3>\n<h1>2015<\/h1>\n<h3>12.12.15 | Kleingartenanlage &#8211; Loge Bad Kreuznach &#8211; CD release &#8222;No Status Quo&#8220;<\/h3>\n<h3>05.12.15 | Kleingartenanlage &#8211; Johann Lafer Weihnachtsgala &#8211; Stromburg<\/h3>\n<h3>24.11.15 |\u00a0Yin Yoga &#8211; Amsterdam<\/h3>\n<h3>22.11.15 | Meet Marlene &#8211; Die Lieder der Dietrich &#8211; Wohnzimmerkonzert Amsterdam<\/h3>\n<h3>14.11.15 | Songwriting Workshop &#8211; Musikschule WBZ Ingelheim (D)<\/h3>\n<h3>03.11.15 | Yin Yoga &#8211; Amsterdam<\/h3>\n<h3>30.10.15 | Kleingartenanlage &#8211; Kaffee oder Tee &#8211; live im SWR Fernsehen\u00a0(D)<\/h3>\n<h3>10.10.15 | Pop It Up &#8211;\u00a0Gesangsworkshop &#8211; Musikschule WBZ Ingelheim (D)<\/h3>\n<h3>26.09.15 |\u00a0Ed Partyka Jazz Orchestra &#8211; B-Flat Berlin<\/h3>\n<h3>25.09.15 | Ed Partyka Jazz Orchestra &#8211;\u00a0B-Flat Berlin<\/h3>\n<h3>08.09.15 | Julia &amp; Band &#8211; Vorrunde Amsterdamse Popprijs 2015\u00a0(NL)<\/h3>\n<h3>28.08.15 | Kleingartenanlage &#8211; Binger B\u00fchne (D)<\/h3>\n<h3>11.07.15 | Pop\u00a0It Up, Gesangsworkshop &#8211; VHS Bingen (D)<\/h3>\n<h3>04.07.15 | Jazz It Up, Gesangsworkshop &#8211; Musikschule WBZ Ingelheim (D)<\/h3>\n<h3>22.06.15 | Yin Yoga &#8211;\u00a0MidWest Amsterdam<\/h3>\n<h3>15.06.15 | Yin Yoga &#8211;\u00a0MidWest Amsterdam<\/h3>\n<h3>08.06.15 | Yin Yoga &#8211;\u00a0MidWest Amsterdam<\/h3>\n<h3>01.06.15 | Yin Yoga &#8211;\u00a0MidWest Amsterdam<\/h3>\n<h3>30.05.15 | Julia Solo &#8211;\u00a0Open Yoga Festival Groningen (NL)<\/h3>\n<h3>24.05.15 | Kleingartenanlage &#8211;\u00a0Wohnzimmerkonzert Waldalgesheim (D)<\/h3>\n<h3>03.05.15 | Julia &amp; Band &#8211; Seminarturnhalle Stade (D)<\/h3>\n<h3>02.05.15 | Julia &amp; Band &#8211;\u00a0B-Flat Berlin<\/h3>\n<h3>01.05.15 | Julia &amp; Band &#8211; Teatro Munganga Amsterdam<\/h3>\n<h3>28.02.15 |\u00a0Ed Partyka Jazz Orchestra &#8211;\u00a0B-Flat Berlin<\/h3>\n<h3>27.02.15 |\u00a0Ed Partyka Jazz Orchestra &#8211;\u00a0B-Flat Berlin<\/h3>\n<h1>2014<\/h1>\n<h3>21.12.14 |\u00a0Kleingartenanlage &#8211; SWR1 Weihnachtssong Contest<\/h3>\n<h3>26.10.14 |\u00a0Ed Partyka Jazz Orchestra\u00a0&#8211;\u00a0Jazz Days Bratislava (Sk)<\/h3>\n<h3>25.10.14 |\u00a0Ed Partyka Jazz Orchestra\u00a0&#8211; Jazz Dock Prag\u00a0(Cz)<\/h3>\n<h3>24.10.14 |\u00a0Ed Partyka Jazz Orchestra\u00a0&#8211; Jazz Dock Prag\u00a0(Cz)<\/h3>\n<h3>06.10.14 |\u00a0Ed Partyka Jazz Orchestra\u00a0&#8211; Wist, Graz (A)<\/h3>\n<h3>05.10.14 |\u00a0Ed Partyka Jazz Orchestra\u00a0&#8211; Porgy &amp; Bess Wien\u00a0(A)<\/h3>\n<h3>04.10.14 |\u00a0Ed Partyka Jazz Orchestra\u00a0&#8211; B-Flat, Berlin<\/h3>\n<h3>03.10.14 |\u00a0Ed Partyka Jazz Orchestra\u00a0&#8211; B-Flat, Berlin<\/h3>\n<h1>Julia &amp; Band \u00a0\u201eTurning The Tide\u201c Tour 2013\/14 \u2013 Deutschland\/Niederlande<\/h1>\n<\/div>\n<div class=\"cmsms_text\">\n<h3>10.01.14 | Seminarturnhalle Stade<\/h3>\n<h3>09.01.14 | Salon Hansen L\u00fcneburg<\/h3>\n<h3>08.01.14 | Good Old Days Hamburg<\/h3>\n<h3>13.12.13 | Het Perron Amsterdam<\/h3>\n<h3>23.11.13 | Hinterhofsalon K\u00f6ln<\/h3>\n<h3>22.11.13 | Jazzkeller Dinkelsb\u00fchl<\/h3>\n<h3>21.11.13 | Gecko Lounge Koblenz<\/h3>\n<h3>17.11.13 | Wohnzimmerkonzert Amsterdam<\/h3>\n<h3>18.10.13 | Roode Bioscoop Amsterdam feat. Quintessences<\/h3>\n<h3>08.06.13 | B-Flat Berlin<\/h3>\n<h3>07.06.13 | CVJM L\u00fcbeck<\/h3>\n<h3>05.06.13 | Statt Caf\u00e9 Kiel<\/h3>\n<h3>04.06.13 | Ufer Hamburg<\/h3>\n<h3>03.06.13 | Music Club Live Hamburg<\/h3>\n<h3>02.06.13 | Big Buttinsky Osnabr\u00fcck<\/h3>\n<h3>01.06.13 | Kleinkunstdiele B\u00fccken<\/h3>\n<h3>31.05.13 | Kulturscheune Liebenau<\/h3>\n<h3>05.05.13 | \u201elive\u201c bei Radio Jazzwelle Wiesbaden<\/h3>\n<h3>04.05.13 | Wohnzimmerkonzert Mendig<\/h3>\n<h3>03.05.13 | Binger B\u00fchne<\/h3>\n<\/div>\n<div class=\"cmsms_text\">\n<\/div>\n<\/p>","protected":false},"excerpt":{"rendered":"","protected":false},"author":1,"featured_media":0,"parent":0,"menu_order":0,"comment_status":"closed","ping_status":"closed","template":"","meta":{"footnotes":""},"class_list":["post-2234","page","type-page","status-publish","hentry"],"yoast_head":"<!-- This site is optimized with the Yoast SEO plugin v27.4 - https:\/\/yoast.com\/product\/yoast-seo-wordpress\/ -->\n<title>Termine archive - Julia Oschewsky<\/title>\n<meta name=\"robots\" content=\"index, follow, max-snippet:-1, max-image-preview:large, max-video-preview:-1\" \/>\n<link rel=\"canonical\" href=\"https:\/\/www.julia-oschewsky.de\/de\/termine-archive\/\" \/>\n<meta property=\"og:locale\" content=\"de_DE\" \/>\n<meta property=\"og:type\" content=\"article\" \/>\n<meta property=\"og:title\" content=\"Termine archive - Julia Oschewsky\" \/>\n<meta property=\"og:url\" content=\"https:\/\/www.julia-oschewsky.de\/de\/termine-archive\/\" \/>\n<meta property=\"og:site_name\" content=\"Julia Oschewsky\" \/>\n<meta property=\"article:modified_time\" content=\"2023-05-30T13:10:51+00:00\" \/>\n<meta name=\"twitter:card\" content=\"summary_large_image\" \/>\n<meta name=\"twitter:label1\" content=\"Gesch\u00e4tzte Lesezeit\" \/>\n\t<meta name=\"twitter:data1\" content=\"12\u00a0Minuten\" \/>\n<script type=\"application\/ld+json\" class=\"yoast-schema-graph\">{\"@context\":\"https:\\\/\\\/schema.org\",\"@graph\":[{\"@type\":\"WebPage\",\"@id\":\"https:\\\/\\\/www.julia-oschewsky.de\\\/de\\\/termine-archive\\\/\",\"url\":\"https:\\\/\\\/www.julia-oschewsky.de\\\/de\\\/termine-archive\\\/\",\"name\":\"Termine archive - Julia Oschewsky\",\"isPartOf\":{\"@id\":\"https:\\\/\\\/www.julia-oschewsky.de\\\/de\\\/#website\"},\"datePublished\":\"2015-08-10T13:22:56+00:00\",\"dateModified\":\"2023-05-30T13:10:51+00:00\",\"breadcrumb\":{\"@id\":\"https:\\\/\\\/www.julia-oschewsky.de\\\/de\\\/termine-archive\\\/#breadcrumb\"},\"inLanguage\":\"de\",\"potentialAction\":[{\"@type\":\"ReadAction\",\"target\":[\"https:\\\/\\\/www.julia-oschewsky.de\\\/de\\\/termine-archive\\\/\"]}]},{\"@type\":\"BreadcrumbList\",\"@id\":\"https:\\\/\\\/www.julia-oschewsky.de\\\/de\\\/termine-archive\\\/#breadcrumb\",\"itemListElement\":[{\"@type\":\"ListItem\",\"position\":1,\"name\":\"Home\",\"item\":\"https:\\\/\\\/www.julia-oschewsky.de\\\/de\\\/\"},{\"@type\":\"ListItem\",\"position\":2,\"name\":\"Termine archive\"}]},{\"@type\":\"WebSite\",\"@id\":\"https:\\\/\\\/www.julia-oschewsky.de\\\/de\\\/#website\",\"url\":\"https:\\\/\\\/www.julia-oschewsky.de\\\/de\\\/\",\"name\":\"Julia Oschewsky\",\"description\":\"\",\"potentialAction\":[{\"@type\":\"SearchAction\",\"target\":{\"@type\":\"EntryPoint\",\"urlTemplate\":\"https:\\\/\\\/www.julia-oschewsky.de\\\/de\\\/?s={search_term_string}\"},\"query-input\":{\"@type\":\"PropertyValueSpecification\",\"valueRequired\":true,\"valueName\":\"search_term_string\"}}],\"inLanguage\":\"de\"}]}<\/script>\n<!-- \/ Yoast SEO plugin. -->","yoast_head_json":{"title":"Termine archive - Julia Oschewsky","robots":{"index":"index","follow":"follow","max-snippet":"max-snippet:-1","max-image-preview":"max-image-preview:large","max-video-preview":"max-video-preview:-1"},"canonical":"https:\/\/www.julia-oschewsky.de\/de\/termine-archive\/","og_locale":"de_DE","og_type":"article","og_title":"Termine archive - Julia Oschewsky","og_url":"https:\/\/www.julia-oschewsky.de\/de\/termine-archive\/","og_site_name":"Julia Oschewsky","article_modified_time":"2023-05-30T13:10:51+00:00","twitter_card":"summary_large_image","twitter_misc":{"Gesch\u00e4tzte Lesezeit":"12\u00a0Minuten"},"schema":{"@context":"https:\/\/schema.org","@graph":[{"@type":"WebPage","@id":"https:\/\/www.julia-oschewsky.de\/de\/termine-archive\/","url":"https:\/\/www.julia-oschewsky.de\/de\/termine-archive\/","name":"Termine archive - Julia Oschewsky","isPartOf":{"@id":"https:\/\/www.julia-oschewsky.de\/de\/#website"},"datePublished":"2015-08-10T13:22:56+00:00","dateModified":"2023-05-30T13:10:51+00:00","breadcrumb":{"@id":"https:\/\/www.julia-oschewsky.de\/de\/termine-archive\/#breadcrumb"},"inLanguage":"de","potentialAction":[{"@type":"ReadAction","target":["https:\/\/www.julia-oschewsky.de\/de\/termine-archive\/"]}]},{"@type":"BreadcrumbList","@id":"https:\/\/www.julia-oschewsky.de\/de\/termine-archive\/#breadcrumb","itemListElement":[{"@type":"ListItem","position":1,"name":"Home","item":"https:\/\/www.julia-oschewsky.de\/de\/"},{"@type":"ListItem","position":2,"name":"Termine archive"}]},{"@type":"WebSite","@id":"https:\/\/www.julia-oschewsky.de\/de\/#website","url":"https:\/\/www.julia-oschewsky.de\/de\/","name":"Julia Oschewsky","description":"","potentialAction":[{"@type":"SearchAction","target":{"@type":"EntryPoint","urlTemplate":"https:\/\/www.julia-oschewsky.de\/de\/?s={search_term_string}"},"query-input":{"@type":"PropertyValueSpecification","valueRequired":true,"valueName":"search_term_string"}}],"inLanguage":"de"}]}},"_links":{"self":[{"href":"https:\/\/www.julia-oschewsky.de\/de\/wp-json\/wp\/v2\/pages\/2234","targetHints":{"allow":["GET"]}}],"collection":[{"href":"https:\/\/www.julia-oschewsky.de\/de\/wp-json\/wp\/v2\/pages"}],"about":[{"href":"https:\/\/www.julia-oschewsky.de\/de\/wp-json\/wp\/v2\/types\/page"}],"author":[{"embeddable":true,"href":"https:\/\/www.julia-oschewsky.de\/de\/wp-json\/wp\/v2\/users\/1"}],"replies":[{"embeddable":true,"href":"https:\/\/www.julia-oschewsky.de\/de\/wp-json\/wp\/v2\/comments?post=2234"}],"version-history":[{"count":220,"href":"https:\/\/www.julia-oschewsky.de\/de\/wp-json\/wp\/v2\/pages\/2234\/revisions"}],"predecessor-version":[{"id":3817,"href":"https:\/\/www.julia-oschewsky.de\/de\/wp-json\/wp\/v2\/pages\/2234\/revisions\/3817"}],"wp:attachment":[{"href":"https:\/\/www.julia-oschewsky.de\/de\/wp-json\/wp\/v2\/media?parent=2234"}],"curies":[{"name":"wp","href":"https:\/\/api.w.org\/{rel}","templated":true}]}}